{"id":916,"date":"2025-05-13T07:45:30","date_gmt":"2025-05-13T07:45:30","guid":{"rendered":"https:\/\/adsrgeneva.ch\/?page_id=916"},"modified":"2025-05-15T11:53:43","modified_gmt":"2025-05-15T11:53:43","slug":"nos-activites","status":"publish","type":"page","link":"https:\/\/adsrgeneva.ch\/index.php\/nos-activites\/","title":{"rendered":"NOS ACTIVIT\u00c9S"},"content":{"rendered":"\n<div class=\"wp-block-columns is-layout-flex wp-container-core-columns-is-layout-9d6595d7 wp-block-columns-is-layout-flex\">\n<div class=\"wp-block-column is-layout-flow wp-block-column-is-layout-flow\"><\/div>\n\n\n\n<div class=\"wp-block-column is-layout-flow wp-block-column-is-layout-flow\"><\/div>\n<\/div>\n\n\n\n<p>\ud83c\udff3\ufe0f\u200d\ud83c\udf08 \u26a7\ufe0f Lors de nos initiations, workshops et pique-niques modulaires, nous encourageons la participation de toutes les personnes, quel que soit votre \u00e2ge (d\u00e8s 13 ans), votre origine, votre genre, votre identit\u00e9 ou votre niveau d\u2019exp\u00e9rience.<\/p>\n\n\n\n<hr class=\"wp-block-separator has-alpha-channel-opacity\"\/>\n\n\n\n<div class=\"wp-block-columns is-layout-flex wp-container-core-columns-is-layout-9d6595d7 wp-block-columns-is-layout-flex\">\n<div class=\"wp-block-column is-layout-flow wp-block-column-is-layout-flow\">\n<p><strong>Workshop \/ Initiations<\/strong><\/p>\n\n\n<div class=\"wp-block-image is-style-rounded\">\n<figure class=\"alignleft size-large is-resized\"><img loading=\"lazy\" decoding=\"async\" width=\"1024\" height=\"683\" src=\"https:\/\/adsrgeneva.ch\/wp-content\/uploads\/2017\/08\/18156029_10155287777891477_8530050506705635780_o-1024x683.jpg\" alt=\"\" class=\"wp-image-216\" style=\"width:auto;height:300px\" srcset=\"https:\/\/adsrgeneva.ch\/wp-content\/uploads\/2017\/08\/18156029_10155287777891477_8530050506705635780_o-1024x683.jpg 1024w, https:\/\/adsrgeneva.ch\/wp-content\/uploads\/2017\/08\/18156029_10155287777891477_8530050506705635780_o-300x200.jpg 300w, https:\/\/adsrgeneva.ch\/wp-content\/uploads\/2017\/08\/18156029_10155287777891477_8530050506705635780_o-768x512.jpg 768w, https:\/\/adsrgeneva.ch\/wp-content\/uploads\/2017\/08\/18156029_10155287777891477_8530050506705635780_o-1536x1024.jpg 1536w, https:\/\/adsrgeneva.ch\/wp-content\/uploads\/2017\/08\/18156029_10155287777891477_8530050506705635780_o.jpg 2048w\" sizes=\"auto, (max-width: 1024px) 100vw, 1024px\" \/><\/figure>\n<\/div>\n\n\n<p>ADSR_GENEVA offre, lors de diff\u00e9rents \u00e9v\u00e9nements, la possibilit\u00e9 d\u2019initier les personnes curieuses aux bases de la synth\u00e8se sonore et des synth\u00e9tiseurs modulaires. <\/p>\n\n\n\n<p>Ces initiations sont le plus souvent gratuites pour les participant\u00b7e\u00b7x\u00b7s.<\/p>\n\n\n\n<p>Nous proposons \u00e9galement, \u00e0 l\u2019occasion, des workshops de synth\u00e8se plus avanc\u00e9s \u00e0 destination de celles et ceux disposant d\u00e9j\u00e0 d\u2019un certain niveau.<\/p>\n\n\n\n<p>Nous pouvons \u00e9galement proposer des initiations \u00e0 un groupe de personnes souhaitant se lancer dans l\u2019assemblage et la soudure de modules DIY en kit.<\/p>\n<\/div>\n\n\n\n<div class=\"wp-block-column is-layout-flow wp-block-column-is-layout-flow\">\n<p><strong>R\u00e9sidences \/ Productions<\/strong><\/p>\n\n\n<div class=\"wp-block-image is-style-rounded\">\n<figure class=\"alignleft size-large is-resized\"><img loading=\"lazy\" decoding=\"async\" width=\"1024\" height=\"771\" src=\"https:\/\/adsrgeneva.ch\/wp-content\/uploads\/2025\/05\/IMG_20250126_140026-1024x771.jpg\" alt=\"\" class=\"wp-image-954\" style=\"width:auto;height:300px\" srcset=\"https:\/\/adsrgeneva.ch\/wp-content\/uploads\/2025\/05\/IMG_20250126_140026-1024x771.jpg 1024w, https:\/\/adsrgeneva.ch\/wp-content\/uploads\/2025\/05\/IMG_20250126_140026-300x226.jpg 300w, https:\/\/adsrgeneva.ch\/wp-content\/uploads\/2025\/05\/IMG_20250126_140026-768x578.jpg 768w, https:\/\/adsrgeneva.ch\/wp-content\/uploads\/2025\/05\/IMG_20250126_140026-1536x1157.jpg 1536w, https:\/\/adsrgeneva.ch\/wp-content\/uploads\/2025\/05\/IMG_20250126_140026-2048x1542.jpg 2048w\" sizes=\"auto, (max-width: 1024px) 100vw, 1024px\" \/><\/figure>\n<\/div>\n\n\n<p>Nous avons r\u00e9cemment lanc\u00e9 un programme de r\u00e9sidence : 15 artistes, deux jours de retraite dans un chalet. En immersion totale dans la nature, la musique et les synth\u00e9tiseurs modulaires.<\/p>\n\n\n\n<p>L\u2019objectif est de cr\u00e9er et enregistrer un maximum de mati\u00e8re sonore, de stimuler la cr\u00e9ativit\u00e9 dans un cadre privil\u00e9gi\u00e9, de d\u00e9velopper la dimension collaborative et d\u2019offrir l\u2019opportunit\u00e9 \u00e0 des artistes modularistes d\u00e9butant\u00b7e\u00b7x\u00b7s de collaborer avec des profils plus exp\u00e9riment\u00e9s.<\/p>\n\n\n\n<p>\u00c0 l\u2019issue de chaque r\u00e9sidence, apr\u00e8s une phase de s\u00e9lection, de mixage et de mastering, un album sera produit en format num\u00e9rique, et physique si les moyens le permettent.<\/p>\n\n\n\n<p>Le premier opus issu de cette r\u00e9sidence para\u00eetra \u00e0 l\u2019automne 2025<\/p>\n<\/div>\n<\/div>\n\n\n\n<hr class=\"wp-block-separator has-alpha-channel-opacity\"\/>\n\n\n\n<div class=\"wp-block-columns is-layout-flex wp-container-core-columns-is-layout-9d6595d7 wp-block-columns-is-layout-flex\">\n<div class=\"wp-block-column is-layout-flow wp-block-column-is-layout-flow\">\n<p><strong>Pic-Nics Modulaires<\/strong><\/p>\n\n\n<div class=\"wp-block-image is-style-rounded\">\n<figure class=\"alignleft size-large is-resized\"><img loading=\"lazy\" decoding=\"async\" width=\"1024\" height=\"768\" src=\"https:\/\/adsrgeneva.ch\/wp-content\/uploads\/2025\/05\/IMG_20230806_194032572-1024x768.jpg\" alt=\"\" class=\"wp-image-952\" style=\"width:auto;height:300px\" srcset=\"https:\/\/adsrgeneva.ch\/wp-content\/uploads\/2025\/05\/IMG_20230806_194032572-1024x768.jpg 1024w, https:\/\/adsrgeneva.ch\/wp-content\/uploads\/2025\/05\/IMG_20230806_194032572-300x225.jpg 300w, https:\/\/adsrgeneva.ch\/wp-content\/uploads\/2025\/05\/IMG_20230806_194032572-768x576.jpg 768w, https:\/\/adsrgeneva.ch\/wp-content\/uploads\/2025\/05\/IMG_20230806_194032572-1536x1152.jpg 1536w, https:\/\/adsrgeneva.ch\/wp-content\/uploads\/2025\/05\/IMG_20230806_194032572-2048x1536.jpg 2048w\" sizes=\"auto, (max-width: 1024px) 100vw, 1024px\" \/><\/figure>\n<\/div>\n\n\n<p>C\u2019est une rencontre entre passionn\u00e9\u00b7e\u00b7s, qu\u2019ils ou elles soient averti\u00b7e\u00b7s, d\u00e9butant\u00b7e\u00b7x\u00b7s ou simplement curieux\u00b7ses. Un moment d\u2019\u00e9change, d&rsquo;exp\u00e9rimentation, d\u2019initiation, de mini-performances et de d\u00e9couvertes autour du synth\u00e9tiseur modulaire et des musiques \u00e9lectroniques.<\/p>\n\n\n\n<p>Notre objectif : cr\u00e9er un espace accueillant, bienveillant et respectueux pour l\u2019ensemble des participant\u00b7e\u00b7x\u00b7s.<\/p>\n\n\n\n<p>Si tu disposes d\u2019un synth\u00e9tiseur modulaire et que tu souhaites participer lors d&rsquo;un prochain pic-nic, <a href=\"https:\/\/adsrgeneva.ch\/index.php\/contactez-nous\/\" data-type=\"page\" data-id=\"48\" target=\"_blank\" rel=\"noreferrer noopener\">n\u2019h\u00e9site pas \u00e0 nous contacter<\/a>.<\/p>\n<\/div>\n\n\n\n<div class=\"wp-block-column is-layout-flow wp-block-column-is-layout-flow\">\n<p><strong>Modular Nights<\/strong><\/p>\n\n\n<div class=\"wp-block-image is-style-rounded\">\n<figure class=\"alignleft size-large is-resized\"><img loading=\"lazy\" decoding=\"async\" width=\"1024\" height=\"768\" src=\"https:\/\/adsrgeneva.ch\/wp-content\/uploads\/2025\/04\/39130667-0ca6-488b-b846-eca6a9eac314-1024x768.jpeg\" alt=\"\" class=\"wp-image-717\" style=\"width:auto;height:300px\" srcset=\"https:\/\/adsrgeneva.ch\/wp-content\/uploads\/2025\/04\/39130667-0ca6-488b-b846-eca6a9eac314-1024x768.jpeg 1024w, https:\/\/adsrgeneva.ch\/wp-content\/uploads\/2025\/04\/39130667-0ca6-488b-b846-eca6a9eac314-300x225.jpeg 300w, https:\/\/adsrgeneva.ch\/wp-content\/uploads\/2025\/04\/39130667-0ca6-488b-b846-eca6a9eac314-768x576.jpeg 768w, https:\/\/adsrgeneva.ch\/wp-content\/uploads\/2025\/04\/39130667-0ca6-488b-b846-eca6a9eac314-1536x1152.jpeg 1536w, https:\/\/adsrgeneva.ch\/wp-content\/uploads\/2025\/04\/39130667-0ca6-488b-b846-eca6a9eac314-2048x1536.jpeg 2048w\" sizes=\"auto, (max-width: 1024px) 100vw, 1024px\" \/><\/figure>\n<\/div>\n\n\n<p>\u00c9v\u00e9nements de soir\u00e9e\/nuit.<br><br>Ces soir\u00e9es proposent des performances musicales live assur\u00e9es par des musicien\u00b7ne\u00b7x\u00b7s confirm\u00e9\u00b7e\u00b7x\u00b7s, souvent dans le but de se confronter \u00e0 un public et de le faire danser.<\/p>\n\n\n\n<p>Lors de la programmation, nous aimons m\u00e9langer les artistes en les associant au pr\u00e9alable, soit de fa\u00e7on al\u00e9atoire, soit par affinit\u00e9. Le soir venu, ils et elles synchronisent leurs synth\u00e9tiseurs et jouent ensemble, pour le plus grand plaisir du public.<\/p>\n\n\n\n<p>Certaines sessions sont pr\u00e9par\u00e9es en amont mais ces Modular Nights peuvent aussi donner lieu \u00e0 de longues improvisations musicales. Un exercice audacieux, surtout lorsqu\u2019il s\u2019agit de se produire en public.<\/p>\n\n\n\n<p>Bien qu\u2019un certain niveau soit requis pour se pr\u00eater \u00e0 cet exercice, la programmation reste ouverte !<br>Si tu disposes d\u2019un synth\u00e9tiseur modulaire \u00e9ventuellement coupl\u00e9 \u00e0 d\u2019autres machines ou instruments et que tu souhaites participer, <a href=\"https:\/\/adsrgeneva.ch\/index.php\/contactez-nous\/\" data-type=\"page\" data-id=\"48\" target=\"_blank\" rel=\"noreferrer noopener\">n\u2019h\u00e9site pas \u00e0 nous contacter<\/a>.<\/p>\n<\/div>\n<\/div>\n\n\n\n<hr class=\"wp-block-separator has-alpha-channel-opacity\"\/>\n\n\n\n<p><strong>En attendant de <a href=\"https:\/\/adsrgeneva.ch\/index.php\/contactez-nous\/\" data-type=\"page\" data-id=\"48\">nous rencontrer<\/a>, tu souhaites d\u00e9buter ou t&rsquo;initier au merveilleux monde du modulaire et de la synth\u00e8se ? Voici quelques ressources indispensables pour bien d\u00e9buter.<\/strong><br><br><\/p>\n\n\n\n<p><a href=\"https:\/\/modulargrid.net\" target=\"_blank\" rel=\"noreferrer noopener\">MODULARGRID<\/a> &#8211; R\u00e9pertoire mondial de tous les modules existants et unique outil de <a href=\"https:\/\/www.youtube.com\/watch?v=Q-96ouUL47o&amp;t=345s\" target=\"_blank\" rel=\"noreferrer noopener\">planification<\/a><\/p>\n\n\n\n<p><a href=\"https:\/\/vcvrack.com\" target=\"_blank\" rel=\"noreferrer noopener\">VCV RACK<\/a> &#8211; Synth\u00e9tiseur modulaire virtuel software (soft, modules de bases et open-source gratuit)<\/p>\n\n\n\n<p><a href=\"https:\/\/www.youtube.com\/@ModularSynthFR\" target=\"_blank\" rel=\"noreferrer noopener\">MODULARSYNTH_FR<\/a> &#8211; Cha\u00eene youtube (de l&rsquo;un de nos membre) en fran\u00e7ais consacr\u00e9e aux d\u00e9butant\u00b7e\u00b7x\u00b7s<\/p>\n\n\n\n<p><a href=\"https:\/\/www.youtube.com\/@synthemodulaire\" target=\"_blank\" rel=\"noreferrer noopener\">SYNTHEMODULAIRE <\/a>&#8211; Autre cha\u00eene youtube en fran\u00e7ais consacr\u00e9e \u00e0 l&rsquo;apprentissage du synth\u00e9tiseur modulaire<\/p>\n\n\n\n<p><a href=\"https:\/\/beyondsynths.ch\" target=\"_blank\" rel=\"noreferrer noopener\">BEYONDSYNTHS<\/a> &#8211;  Cours payants de synth\u00e9 modulaire, synth\u00e9tiseurs et synth\u00e8ses propos\u00e9 par un de nos membre<\/p>\n\n\n\n<p><\/p>\n","protected":false},"excerpt":{"rendered":"<p>\ud83c\udff3\ufe0f\u200d\ud83c\udf08 \u26a7\ufe0f Lors de nos initiations, workshops et pique-niques modulaires, nous encourageons la [&hellip;]<\/p>\n","protected":false},"author":1,"featured_media":0,"parent":0,"menu_order":0,"comment_status":"closed","ping_status":"closed","template":"","meta":{"footnotes":""},"class_list":["post-916","page","type-page","status-publish","hentry"],"_links":{"self":[{"href":"https:\/\/adsrgeneva.ch\/index.php\/wp-json\/wp\/v2\/pages\/916","targetHints":{"allow":["GET"]}}],"collection":[{"href":"https:\/\/adsrgeneva.ch\/index.php\/wp-json\/wp\/v2\/pages"}],"about":[{"href":"https:\/\/adsrgeneva.ch\/index.php\/wp-json\/wp\/v2\/types\/page"}],"author":[{"embeddable":true,"href":"https:\/\/adsrgeneva.ch\/index.php\/wp-json\/wp\/v2\/users\/1"}],"replies":[{"embeddable":true,"href":"https:\/\/adsrgeneva.ch\/index.php\/wp-json\/wp\/v2\/comments?post=916"}],"version-history":[{"count":49,"href":"https:\/\/adsrgeneva.ch\/index.php\/wp-json\/wp\/v2\/pages\/916\/revisions"}],"predecessor-version":[{"id":979,"href":"https:\/\/adsrgeneva.ch\/index.php\/wp-json\/wp\/v2\/pages\/916\/revisions\/979"}],"wp:attachment":[{"href":"https:\/\/adsrgeneva.ch\/index.php\/wp-json\/wp\/v2\/media?parent=916"}],"curies":[{"name":"wp","href":"https:\/\/api.w.org\/{rel}","templated":true}]}}